{"id":31915,"date":"2019-02-16T12:53:30","date_gmt":"2019-02-16T11:53:30","guid":{"rendered":"http:\/\/wearepropos.es\/proyectos\/projet-de-recherche-conscience-spiritualite-et-religion\/"},"modified":"2023-09-09T11:55:12","modified_gmt":"2023-09-09T09:55:12","slug":"projet-de-recherche-conscience-spiritualite-et-religion","status":"publish","type":"project","link":"https:\/\/wearepropos.es\/fr\/project\/projet-de-recherche-conscience-spiritualite-et-religion\/","title":{"rendered":"Projet de recherche \u00ab\u00a0Conscience, spiritualit\u00e9 et religion\u00a0\u00bb."},"content":{"rendered":"<p>[et_pb_section fb_built=\u00a0\u00bb1&Prime; _builder_version=\u00a0\u00bb4.16&Prime; background_color=\u00a0\u00bb#69705e\u00a0\u00bb min_height=\u00a0\u00bb238px\u00a0\u00bb custom_margin=\u00a0\u00bb-10px||-16px||false|false\u00a0\u00bb custom_padding=\u00a0\u00bb90px||0px||false|false\u00a0\u00bb global_colors_info=\u00a0\u00bb{}\u00a0\u00bb][et_pb_row _builder_version=\u00a0\u00bb4.16&Prime; width_tablet=\u00a0\u00bb\u00a0\u00bb width_phone=\u00a0\u00bb69%\u00a0\u00bb width_last_edited=\u00a0\u00bbon|phone\u00a0\u00bb custom_margin=\u00a0\u00bb-4px|auto||auto||\u00a0\u00bb custom_padding=\u00a0\u00bb0px||0px|||\u00a0\u00bb global_colors_info=\u00a0\u00bb{}\u00a0\u00bb][et_pb_column type=\u00a0\u00bb4_4&Prime; _builder_version=\u00a0\u00bb4.16&Prime; global_colors_info=\u00a0\u00bb{}\u00a0\u00bb][et_pb_text content_tablet=\u00a0\u00bb\u00a0\u00bb content_phone=\u00a0\u00bb <\/p>\n<h1 class=\"%22ml6%22\" style=\"%22color:\" center=\"\" font-size:=\"\" text-align:=\"\" padding-bottom:0px=\"\" margin-bottom:0px=\"\" margin-top:0px=\"\" padding-top:0px=\"\"><span class=\"%22text-wrapper%22\"><span class=\"%22letters%22\">Ciudadan\u00eda democr\u00e1tica<\/span> <\/span><\/h1>\n<p> <script src=%22https:\/\/cdnjs.cloudflare.com\/ajax\/libs\/animejs\/2.0.2\/anime.min.js%22><\/script> \u00a0\u00bb content_last_edited=\u00a0\u00bbon|phone\u00a0\u00bb _builder_version=\u00a0\u00bb4.16&Prime; min_height=\u00a0\u00bb70px\u00a0\u00bb custom_margin=\u00a0\u00bb||-4px|||\u00a0\u00bb custom_margin_tablet=\u00a0\u00bb\u00a0\u00bb custom_margin_phone=\u00a0\u00bb-5px||16px||false|false\u00a0\u00bb custom_margin_last_edited=\u00a0\u00bbon|phone\u00a0\u00bb global_colors_info=\u00a0\u00bb{}\u00a0\u00bb]<\/p>\n<h1 class=\"ml6\" style=\"color: #ffffff; font-size: 55px; text-align: center; padding-bottom:0px; margin-bottom:0px; margin-top:0px; padding-top:0px;\"><span class=\"text-wrapper\"><span class=\"letters\">Conscience, spiritualit\u00e9 et religion<\/span> <\/span><\/h1>\n<p><script src=\"https:\/\/cdnjs.cloudflare.com\/ajax\/libs\/animejs\/2.0.2\/anime.min.js\"><\/script>[\/et_pb_text][et_pb_code _builder_version=\u00a0\u00bb4.16&Prime; global_colors_info=\u00a0\u00bb{}\u00a0\u00bb]<script><!-- [et_pb_line_break_holder] -->\/\/ Wrap every letter in a span<!-- [et_pb_line_break_holder] -->var textWrapper = document.querySelector('.ml6 .letters');<!-- [et_pb_line_break_holder] -->textWrapper.innerHTML = textWrapper.textContent.replace(\/S\/g, \"<span class='letter'>$&<\/span>\");<!-- [et_pb_line_break_holder] --><!-- [et_pb_line_break_holder] -->anime.timeline({loop: false})<!-- [et_pb_line_break_holder] -->  .add({<!-- [et_pb_line_break_holder] -->    targets: '.ml6 .letter',<!-- [et_pb_line_break_holder] -->    translateY: [\"1.1em\", 0],<!-- [et_pb_line_break_holder] -->    translateZ: 0,<!-- [et_pb_line_break_holder] -->    duration: 750,<!-- [et_pb_line_break_holder] -->    delay: (el, i) => 50 * i<!-- [et_pb_line_break_holder] -->  }).add({<!-- [et_pb_line_break_holder] -->    targets: '.ml6',<!-- [et_pb_line_break_holder] -->    opacity: 0,<!-- [et_pb_line_break_holder] -->    duration: 1000,<!-- [et_pb_line_break_holder] -->    easing: \"easeOutExpo\",<!-- [et_pb_line_break_holder] -->    delay: 100000<!-- [et_pb_line_break_holder] -->  });<!-- [et_pb_line_break_holder] -->\t<\/script>[\/et_pb_code][et_pb_code _builder_version=\u00a0\u00bb4.16&Prime; custom_margin=\u00a0\u00bb||15px|||\u00a0\u00bb global_colors_info=\u00a0\u00bb{}\u00a0\u00bb]<\/p>\n<style><!-- [et_pb_line_break_holder] -->#main-header {background-color:#d4454d;}<!-- [et_pb_line_break_holder] --><\/style>\n<p>[\/et_pb_code][\/et_pb_column][\/et_pb_row][et_pb_row column_structure=\u00a0\u00bb1_2,1_2&Prime; use_custom_gutter=\u00a0\u00bbon\u00a0\u00bb gutter_width=\u00a0\u00bb3&Prime; make_equal=\u00a0\u00bbon\u00a0\u00bb _builder_version=\u00a0\u00bb4.16&Prime; custom_margin=\u00a0\u00bb|auto|-2px|auto||\u00a0\u00bb global_colors_info=\u00a0\u00bb{}\u00a0\u00bb][et_pb_column type=\u00a0\u00bb1_2&Prime; _builder_version=\u00a0\u00bb4.16&Prime; global_colors_info=\u00a0\u00bb{}\u00a0\u00bb][et_pb_text content_tablet=\u00a0\u00bb\u00a0\u00bb content_phone=\u00a0\u00bb <\/p>\n<p><span style=\"%22color:\">Con motivo del rebranding impulsado por UNESCO en 2019, la C\u00e1tedra Unesco de Ciudadan\u00eda democr\u00e1tica y libertad cultural solicit\u00f3 a EME Branding la actualizaci\u00f3n de su identidad corporativa y la creaci\u00f3n de un nuevo sitio web.<\/p>\n<p>  \u00a0\u00bb content_last_edited=\u00a0\u00bbon|phone\u00a0\u00bb _builder_version=\u00a0\u00bb4.16&Prime; custom_margin=\u00a0\u00bb||39px|||\u00a0\u00bb custom_margin_tablet=\u00a0\u00bb\u00a0\u00bb custom_margin_phone=\u00a0\u00bb|0px|-5px||false|false\u00a0\u00bb custom_margin_last_edited=\u00a0\u00bbon|phone\u00a0\u00bb global_colors_info=\u00a0\u00bb{}\u00a0\u00bb]<\/p>\n<p><span style=\"color: #ffffff;\"><span style=\"color: #ffffff;\">L&rsquo;Acad\u00e9mie royale de jurisprudence et de l\u00e9gislation a demand\u00e9 \u00e0 EME Branding un plan de communication num\u00e9rique pour PCELR, un projet visant \u00e0 diffuser des faits et des r\u00e9alit\u00e9s juridiques sur la libert\u00e9 religieuse en Espagne.<\/span><\/span><\/p>\n<p>[\/et_pb_text][\/et_pb_column][et_pb_column type=\u00a0\u00bb1_2&Prime; _builder_version=\u00a0\u00bb4.16&Prime; global_colors_info=\u00a0\u00bb{}\u00a0\u00bb][et_pb_text content_tablet=\u00a0\u00bb\u00a0\u00bb content_phone=\u00a0\u00bb <\/p>\n<p><span style=\"%22color:\">Junto al organismo dependiente de UNESCO se trabaj\u00f3 en la definici\u00f3n de un manual de identidad b\u00e1sico, que alineara todos los procesos y las actividades de la C\u00e1tedra en torno a un mismo sello gr\u00e1fico y visual.<\/span><\/p>\n<p> \u00a0\u00bb content_last_edited=\u00a0\u00bbon|phone\u00a0\u00bb _builder_version=\u00a0\u00bb4.16&Prime; custom_margin_tablet=\u00a0\u00bb\u00a0\u00bb custom_margin_phone=\u00a0\u00bb||41px||false|false\u00a0\u00bb custom_margin_last_edited=\u00a0\u00bbon|phone\u00a0\u00bb inline_fonts=\u00a0\u00bbamfibia-regular\u00a0\u00bb global_colors_info=\u00a0\u00bb{}\u00a0\u00bb]<\/p>\n<p><span style=\"color: #ffffff;\">La communication num\u00e9rique comprenait la conception, la mise en page et la programmation d&rsquo;un portail web, la cr\u00e9ation de contenu et la gestion de la communication num\u00e9rique.<\/span><\/p>\n<p>[\/et_pb_text][\/et_pb_column][\/et_pb_row][\/et_pb_section][et_pb_section fb_built=\u00a0\u00bb1&Prime; custom_padding_last_edited=\u00a0\u00bbon|phone\u00a0\u00bb _builder_version=\u00a0\u00bb4.16&Prime; background_color=\u00a0\u00bb#f9f9f9&Prime; custom_padding=\u00a0\u00bb64px||19px|||\u00a0\u00bb custom_padding_tablet=\u00a0\u00bb\u00a0\u00bb custom_padding_phone=\u00a0\u00bb43px||50px||false|false\u00a0\u00bb global_colors_info=\u00a0\u00bb{}\u00a0\u00bb][et_pb_row _builder_version=\u00a0\u00bb4.16&Prime; background_color=\u00a0\u00bb#ffffff\u00a0\u00bb width=\u00a0\u00bb60%\u00a0\u00bb width_tablet=\u00a0\u00bb\u00a0\u00bb width_phone=\u00a0\u00bb87%\u00a0\u00bb width_last_edited=\u00a0\u00bbon|phone\u00a0\u00bb max_width=\u00a0\u00bb1467px\u00a0\u00bb custom_margin=\u00a0\u00bb|auto|0px|auto|false|false\u00a0\u00bb custom_padding=\u00a0\u00bb0px||||false|false\u00a0\u00bb border_width_all=\u00a0\u00bb1px\u00a0\u00bb border_color_all=\u00a0\u00bb#00ffff\u00a0\u00bb global_colors_info=\u00a0\u00bb{}\u00a0\u00bb][et_pb_column type=\u00a0\u00bb4_4&Prime; _builder_version=\u00a0\u00bb4.16&Prime; global_colors_info=\u00a0\u00bb{}\u00a0\u00bb][et_pb_image src=\u00a0\u00bbhttps:\/\/emebranding.es\/wp-content\/uploads\/2022\/02\/PCEMesa-de-trabajo-3-copia-2.png\u00a0\u00bb _builder_version=\u00a0\u00bb4.16&Prime; global_colors_info=\u00a0\u00bb{}\u00a0\u00bb][\/et_pb_image][\/et_pb_column][\/et_pb_row][et_pb_row _builder_version=\u00a0\u00bb4.16&Prime; background_color=\u00a0\u00bb#ffffff\u00a0\u00bb width=\u00a0\u00bb60%\u00a0\u00bb width_tablet=\u00a0\u00bb\u00a0\u00bb width_phone=\u00a0\u00bb87%\u00a0\u00bb width_last_edited=\u00a0\u00bbon|phone\u00a0\u00bb max_width=\u00a0\u00bb1467px\u00a0\u00bb custom_margin=\u00a0\u00bb33px|auto|3px|auto|false|false\u00a0\u00bb custom_padding=\u00a0\u00bb0px||0px||false|false\u00a0\u00bb border_width_all=\u00a0\u00bb1px\u00a0\u00bb border_color_all=\u00a0\u00bb#00ffff\u00a0\u00bb global_colors_info=\u00a0\u00bb{}\u00a0\u00bb][et_pb_column type=\u00a0\u00bb4_4&Prime; _builder_version=\u00a0\u00bb4.16&Prime; global_colors_info=\u00a0\u00bb{}\u00a0\u00bb][et_pb_image src=\u00a0\u00bbhttps:\/\/emebranding.es\/wp-content\/uploads\/2022\/02\/PCEMesa-de-trabajo-3.png\u00a0\u00bb _builder_version=\u00a0\u00bb4.16&Prime; global_colors_info=\u00a0\u00bb{}\u00a0\u00bb][\/et_pb_image][\/et_pb_column][\/et_pb_row][et_pb_row _builder_version=\u00a0\u00bb4.16&Prime; background_color=\u00a0\u00bb#ffffff\u00a0\u00bb width=\u00a0\u00bb60%\u00a0\u00bb width_tablet=\u00a0\u00bb\u00a0\u00bb width_phone=\u00a0\u00bb87%\u00a0\u00bb width_last_edited=\u00a0\u00bbon|phone\u00a0\u00bb max_width=\u00a0\u00bb1467px\u00a0\u00bb custom_margin=\u00a0\u00bb33px|auto|3px|auto|false|false\u00a0\u00bb custom_padding=\u00a0\u00bb0px||0px||false|false\u00a0\u00bb border_width_all=\u00a0\u00bb1px\u00a0\u00bb border_color_all=\u00a0\u00bb#00ffff\u00a0\u00bb global_colors_info=\u00a0\u00bb{}\u00a0\u00bb][et_pb_column type=\u00a0\u00bb4_4&Prime; _builder_version=\u00a0\u00bb4.16&Prime; global_colors_info=\u00a0\u00bb{}\u00a0\u00bb][et_pb_image src=\u00a0\u00bbhttps:\/\/emebranding.es\/wp-content\/uploads\/2022\/02\/PCEMesa-de-trabajo-3-copia.png\u00a0\u00bb _builder_version=\u00a0\u00bb4.16&Prime; global_colors_info=\u00a0\u00bb{}\u00a0\u00bb][\/et_pb_image][\/et_pb_column][\/et_pb_row][\/et_pb_section][et_pb_section fb_built=\u00a0\u00bb1&Prime; _builder_version=\u00a0\u00bb4.16&Prime; background_color=\u00a0\u00bb#ffffff\u00a0\u00bb min_height=\u00a0\u00bb314px\u00a0\u00bb custom_margin=\u00a0\u00bb29px||1px||false|false\u00a0\u00bb custom_margin_tablet=\u00a0\u00bb\u00a0\u00bb custom_margin_phone=\u00a0\u00bb-23px||32px||false|false\u00a0\u00bb custom_margin_last_edited=\u00a0\u00bbon|phone\u00a0\u00bb custom_padding=\u00a0\u00bb0px||39px||false|false\u00a0\u00bb global_colors_info=\u00a0\u00bb{}\u00a0\u00bb][et_pb_row column_structure=\u00a0\u00bb1_2,1_4,1_4&Prime; use_custom_gutter=\u00a0\u00bbon\u00a0\u00bb custom_padding_last_edited=\u00a0\u00bbon|phone\u00a0\u00bb _builder_version=\u00a0\u00bb4.16&Prime; min_height=\u00a0\u00bb269px\u00a0\u00bb custom_margin=\u00a0\u00bb-7px|auto|3px|auto|false|false\u00a0\u00bb custom_margin_tablet=\u00a0\u00bb\u00a0\u00bb custom_margin_phone=\u00a0\u00bb||-35px||false|false\u00a0\u00bb custom_margin_last_edited=\u00a0\u00bbon|phone\u00a0\u00bb custom_padding=\u00a0\u00bb33px||4px||false|false\u00a0\u00bb custom_padding_tablet=\u00a0\u00bb\u00a0\u00bb custom_padding_phone=\u00a0\u00bb||0px||false|false\u00a0\u00bb global_colors_info=\u00a0\u00bb{}\u00a0\u00bb][et_pb_column type=\u00a0\u00bb1_2&Prime; _builder_version=\u00a0\u00bb4.16&Prime; global_colors_info=\u00a0\u00bb{}\u00a0\u00bb][et_pb_text _builder_version=\u00a0\u00bb4.16&Prime; min_height=\u00a0\u00bb40px\u00a0\u00bb custom_margin=\u00a0\u00bb9px||-6px|||\u00a0\u00bb custom_margin_tablet=\u00a0\u00bb\u00a0\u00bb custom_margin_phone=\u00a0\u00bb20px||||false|false\u00a0\u00bb custom_margin_last_edited=\u00a0\u00bbon|phone\u00a0\u00bb custom_padding=\u00a0\u00bb2px||0px|||\u00a0\u00bb animation_direction=\u00a0\u00bbbottom\u00a0\u00bb global_colors_info=\u00a0\u00bb{}\u00a0\u00bb]<\/p>\n<h1>Informations pratiques<\/h1>\n<p>[\/et_pb_text][et_pb_text _builder_version=\u00a0\u00bb4.16&Prime; custom_margin=\u00a0\u00bb6px||6px||false|false\u00a0\u00bb global_colors_info=\u00a0\u00bb{}\u00a0\u00bb]<\/p>\n<p style=\"color: #9ca289;\"><span style=\"color: #000;\">\u21c4<\/span><\/p>\n<p>[\/et_pb_text][et_pb_text _builder_version=\u00a0\u00bb4.16&Prime; text_line_height=\u00a0\u00bb1.35em\u00a0\u00bb custom_margin=\u00a0\u00bb7px||-2px||false|false\u00a0\u00bb custom_padding=\u00a0\u00bb||17px||false|false\u00a0\u00bb animation_direction=\u00a0\u00bbbottom\u00a0\u00bb inline_fonts=\u00a0\u00bbamfibia-demibold,amfibia-book\u00a0\u00bb global_colors_info=\u00a0\u00bb{}\u00a0\u00bb]<span face=\"amfibia-regular\" style=\"font-family: amfibia-regular;\">Le projet Conscience, Spiritualit\u00e9 et Libert\u00e9 Religieuse (PCELR) est une initiative de l&rsquo;Acad\u00e9mie Royale de Jurisprudence et de L\u00e9gislation en mati\u00e8re de droit eccl\u00e9siastique et canonique.<\/span><\/p>\n<p><i style=\"color:#9ca289;\" class=\"fas fa-external-link-alt\"><\/i>   <span style=\"text-decoration: underline; font-size: medium;\"><a href=\"http:\/\/www.pcelr.org\"><span style=\"color: #0a0a0a; text-decoration: underline;\">pcelr.org<\/span><\/a><\/san><span face=\"amfibia-demibold\" style=\"font-family:((--))\u00ba(((---\/et_pb_text---)))(((---\/et_pb_column---)))(((---et_pb_column((--))type=\" _builder_version=\"4.16\" global_colors_info=\"{}\" type=\"1_4\" fb_built=\"1\" background_color=\"#9ca289\" min_height=\"314px\" custom_margin=\"-15px||-38px||false|false\" custom_margin_tablet=\"\" custom_margin_phone=\"37px||||false|false\" custom_margin_last_edited=\"on|phone\" custom_padding=\"5px||0px||false|false\" border_radii=\"off||1500px||\" border_radii_tablet=\"\" border_radii_phone=\"off||150px||\" border_radii_last_edited=\"on|phone\" column_structure=\"3_4\" max_width=\"1531px\" border_width_bottom=\"1px\" border_color_bottom=\"#ffffff\" content_tablet=\"\" content_phone=\"&lt;h1&gt;\u00a1Queremos &lt;br \/&gt;trabajar contigo!&lt;!-- wpml:html_fragment &lt;\/h1&gt; --&gt;&#10;\" content_last_edited=\"on|phone\" animation_direction=\"bottom\">Nous voulons travailler avec vous ![\/et_pb_text][et_pb_text _builder_version=\u00a0\u00bb4.16&Prime; min_height=\u00a0\u00bb22px\u00a0\u00bb custom_margin=\u00a0\u00bb6px||6px||false|false\u00a0\u00bb global_colors_info=\u00a0\u00bb{}\u00a0\u00bb]<\/p>\n<p style=\"color:#0fff\">\u21c4<\/p>\n<p>[\/et_pb_text][et_pb_contact_form email=\u00a0\u00bbmartinez@emebranding.es\u00a0\u00bb success_message=\u00a0\u00bbGenial, ya tenemos tu mensaje en nuestro correo.\u00a0\u00bb submit_button_text=\u00a0\u00bbEnviar \u2192\u00a0\u00bb _builder_version=\u00a0\u00bb4.16&Prime; _unique_id=\u00a0\u00bb7e8f1fc7-2ac2-4d9d-9623-65f97cde9aac\u00a0\u00bb form_field_background_color=\u00a0\u00bb#ffffff\u00a0\u00bb form_field_text_color=\u00a0\u00bb#000000&Prime; form_field_focus_background_color=\u00a0\u00bb#000000&Prime; form_field_focus_text_color=\u00a0\u00bb#ffffff\u00a0\u00bb custom_button=\u00a0\u00bbon\u00a0\u00bb button_text_size=\u00a0\u00bb18px\u00a0\u00bb button_text_color=\u00a0\u00bb#ffffff\u00a0\u00bb button_bg_color=\u00a0\u00bb#000000&Prime; button_border_width=\u00a0\u00bb0px\u00a0\u00bb button_border_radius=\u00a0\u00bb27px\u00a0\u00bb button_font=\u00a0\u00bbamfibia-regular||||||||\u00a0\u00bb custom_margin=\u00a0\u00bb18px|34px|15px|||\u00a0\u00bb custom_padding=\u00a0\u00bb|0px|12px|||\u00a0\u00bb border_width_all=\u00a0\u00bb1px\u00a0\u00bb global_colors_info=\u00a0\u00bb{}\u00a0\u00bb][et_pb_contact_field field_id=\u00a0\u00bbName\u00a0\u00bb field_title=\u00a0\u00bbNombre\u00a0\u00bb _builder_version=\u00a0\u00bb4.16&Prime; global_colors_info=\u00a0\u00bb{}\u00a0\u00bb button_text_size__hover_enabled=\u00a0\u00bboff\u00a0\u00bb button_one_text_size__hover_enabled=\u00a0\u00bboff\u00a0\u00bb button_two_text_size__hover_enabled=\u00a0\u00bboff\u00a0\u00bb button_text_color__hover_enabled=\u00a0\u00bboff\u00a0\u00bb button_one_text_color__hover_enabled=\u00a0\u00bboff\u00a0\u00bb button_two_text_color__hover_enabled=\u00a0\u00bboff\u00a0\u00bb button_border_width__hover_enabled=\u00a0\u00bboff\u00a0\u00bb button_one_border_width__hover_enabled=\u00a0\u00bboff\u00a0\u00bb button_two_border_width__hover_enabled=\u00a0\u00bboff\u00a0\u00bb button_border_color__hover_enabled=\u00a0\u00bboff\u00a0\u00bb button_one_border_color__hover_enabled=\u00a0\u00bboff\u00a0\u00bb button_two_border_color__hover_enabled=\u00a0\u00bboff\u00a0\u00bb button_border_radius__hover_enabled=\u00a0\u00bboff\u00a0\u00bb button_one_border_radius__hover_enabled=\u00a0\u00bboff\u00a0\u00bb button_two_border_radius__hover_enabled=\u00a0\u00bboff\u00a0\u00bb button_letter_spacing__hover_enabled=\u00a0\u00bboff\u00a0\u00bb button_one_letter_spacing__hover_enabled=\u00a0\u00bboff\u00a0\u00bb button_two_letter_spacing__hover_enabled=\u00a0\u00bboff\u00a0\u00bb button_bg_color__hover_enabled=\u00a0\u00bboff\u00a0\u00bb button_one_bg_color__hover_enabled=\u00a0\u00bboff\u00a0\u00bb button_two_bg_color__hover_enabled=\u00a0\u00bboff\u00a0\u00bb][\/et_pb_contact_field][et_pb_contact_field field_id=\u00a0\u00bbEmail\u00a0\u00bb field_title=\u00a0\u00bbDirecci\u00f3n de correo electr\u00f3nico\u00a0\u00bb field_type=\u00a0\u00bbemail\u00a0\u00bb _builder_version=\u00a0\u00bb4.16&Prime; global_colors_info=\u00a0\u00bb{}\u00a0\u00bb button_text_size__hover_enabled=\u00a0\u00bboff\u00a0\u00bb button_one_text_size__hover_enabled=\u00a0\u00bboff\u00a0\u00bb button_two_text_size__hover_enabled=\u00a0\u00bboff\u00a0\u00bb button_text_color__hover_enabled=\u00a0\u00bboff\u00a0\u00bb button_one_text_color__hover_enabled=\u00a0\u00bboff\u00a0\u00bb button_two_text_color__hover_enabled=\u00a0\u00bboff\u00a0\u00bb button_border_width__hover_enabled=\u00a0\u00bboff\u00a0\u00bb button_one_border_width__hover_enabled=\u00a0\u00bboff\u00a0\u00bb button_two_border_width__hover_enabled=\u00a0\u00bboff\u00a0\u00bb button_border_color__hover_enabled=\u00a0\u00bboff\u00a0\u00bb button_one_border_color__hover_enabled=\u00a0\u00bboff\u00a0\u00bb button_two_border_color__hover_enabled=\u00a0\u00bboff\u00a0\u00bb button_border_radius__hover_enabled=\u00a0\u00bboff\u00a0\u00bb button_one_border_radius__hover_enabled=\u00a0\u00bboff\u00a0\u00bb button_two_border_radius__hover_enabled=\u00a0\u00bboff\u00a0\u00bb button_letter_spacing__hover_enabled=\u00a0\u00bboff\u00a0\u00bb button_one_letter_spacing__hover_enabled=\u00a0\u00bboff\u00a0\u00bb button_two_letter_spacing__hover_enabled=\u00a0\u00bboff\u00a0\u00bb button_bg_color__hover_enabled=\u00a0\u00bboff\u00a0\u00bb button_one_bg_color__hover_enabled=\u00a0\u00bboff\u00a0\u00bb button_two_bg_color__hover_enabled=\u00a0\u00bboff\u00a0\u00bb][\/et_pb_contact_field][et_pb_contact_field field_id=\u00a0\u00bbMessage\u00a0\u00bb field_title=\u00a0\u00bbMensaje\u00a0\u00bb field_type=\u00a0\u00bbtext\u00a0\u00bb fullwidth_field=\u00a0\u00bbon\u00a0\u00bb _builder_version=\u00a0\u00bb4.16&Prime; global_colors_info=\u00a0\u00bb{}\u00a0\u00bb button_text_size__hover_enabled=\u00a0\u00bboff\u00a0\u00bb button_one_text_size__hover_enabled=\u00a0\u00bboff\u00a0\u00bb button_two_text_size__hover_enabled=\u00a0\u00bboff\u00a0\u00bb button_text_color__hover_enabled=\u00a0\u00bboff\u00a0\u00bb button_one_text_color__hover_enabled=\u00a0\u00bboff\u00a0\u00bb button_two_text_color__hover_enabled=\u00a0\u00bboff\u00a0\u00bb button_border_width__hover_enabled=\u00a0\u00bboff\u00a0\u00bb button_one_border_width__hover_enabled=\u00a0\u00bboff\u00a0\u00bb button_two_border_width__hover_enabled=\u00a0\u00bboff\u00a0\u00bb button_border_color__hover_enabled=\u00a0\u00bboff\u00a0\u00bb button_one_border_color__hover_enabled=\u00a0\u00bboff\u00a0\u00bb button_two_border_color__hover_enabled=\u00a0\u00bboff\u00a0\u00bb button_border_radius__hover_enabled=\u00a0\u00bboff\u00a0\u00bb button_one_border_radius__hover_enabled=\u00a0\u00bboff\u00a0\u00bb button_two_border_radius__hover_enabled=\u00a0\u00bboff\u00a0\u00bb button_letter_spacing__hover_enabled=\u00a0\u00bboff\u00a0\u00bb button_one_letter_spacing__hover_enabled=\u00a0\u00bboff\u00a0\u00bb button_two_letter_spacing__hover_enabled=\u00a0\u00bboff\u00a0\u00bb button_bg_color__hover_enabled=\u00a0\u00bboff\u00a0\u00bb button_one_bg_color__hover_enabled=\u00a0\u00bboff\u00a0\u00bb button_two_bg_color__hover_enabled=\u00a0\u00bboff\u00a0\u00bb][\/et_pb_contact_field][\/et_pb_contact_form][\/et_pb_column][\/et_pb_row][\/et_pb_section]<\/span><\/span><\/p>\n","protected":false},"excerpt":{"rendered":"<p>Communication num\u00e9rique et strat\u00e9gie de marque num\u00e9rique pour le projet de recherche et de diffusion scientifique de l&rsquo;Acad\u00e9mie royale de jurisprudence et de l\u00e9gislation.<\/p>\n","protected":false},"author":4,"featured_media":0,"template":"","meta":{"_et_pb_use_builder":"on","_et_pb_old_content":"","_et_gb_content_width":"","footnotes":""},"project_category":[],"project_tag":[681,706,675,690,695,702,705,703,700,692,707,704,698,701,697],"class_list":["post-31915","project","type-project","status-publish","hentry","project_tag-communication","project_tag-conception-de-sites-web","project_tag-conception-graphique","project_tag-diffusion","project_tag-diffusion-scientifique","project_tag-droit-a-la-religion","project_tag-interculturel","project_tag-le-dialogue-entre-les-religions","project_tag-le-transfert-de-connaissances","project_tag-logo-fr-2","project_tag-medias-sociaux","project_tag-multiculturel","project_tag-projet-de-recherche","project_tag-religion-fr","project_tag-sciences-sociales"],"yoast_head":"<!-- This site is optimized with the Yoast SEO plugin v27.5 - https:\/\/yoast.com\/product\/yoast-seo-wordpress\/ -->\n<title>Projet de recherche &quot;Conscience, spiritualit\u00e9 et religion&quot;. &#8211; Prop\u00f3s | Sostenibilidad, ESG, Branding y Comunicaci\u00f3n en Madrid, Barcelona y Ginebra<\/title>\n<meta name=\"description\" content=\"Communication num\u00e9rique et strat\u00e9gie de marque num\u00e9rique pour le projet de recherche et de diffusion scientifique de l&#039;Acad\u00e9mie royale de jurisprudence et de l\u00e9gislation.\" \/>\n<meta name=\"robots\" content=\"index, follow, max-snippet:-1, max-image-preview:large, max-video-preview:-1\" \/>\n<link rel=\"canonical\" href=\"https:\/\/wearepropos.es\/fr\/project\/projet-de-recherche-conscience-spiritualite-et-religion\/\" \/>\n<meta property=\"og:locale\" content=\"fr_FR\" \/>\n<meta property=\"og:type\" content=\"article\" \/>\n<meta property=\"og:title\" content=\"Projet de recherche &quot;Conscience, spiritualit\u00e9 et religion&quot;. &#8211; Prop\u00f3s | Sostenibilidad, ESG, Branding y Comunicaci\u00f3n en Madrid, Barcelona y Ginebra\" \/>\n<meta property=\"og:description\" content=\"Communication num\u00e9rique et strat\u00e9gie de marque num\u00e9rique pour le projet de recherche et de diffusion scientifique de l&#039;Acad\u00e9mie royale de jurisprudence et de l\u00e9gislation.\" \/>\n<meta property=\"og:url\" content=\"https:\/\/wearepropos.es\/fr\/project\/projet-de-recherche-conscience-spiritualite-et-religion\/\" \/>\n<meta property=\"og:site_name\" content=\"Prop\u00f3s | Sostenibilidad, ESG, Branding y Comunicaci\u00f3n en Madrid, Barcelona y Ginebra\" \/>\n<meta property=\"article:modified_time\" content=\"2023-09-09T09:55:12+00:00\" \/>\n<meta name=\"twitter:card\" content=\"summary_large_image\" \/>\n<meta name=\"twitter:label1\" content=\"Dur\u00e9e de lecture estim\u00e9e\" \/>\n\t<meta name=\"twitter:data1\" content=\"8 minutes\" \/>\n<script type=\"application\/ld+json\" class=\"yoast-schema-graph\">{\"@context\":\"https:\\\/\\\/schema.org\",\"@graph\":[{\"@type\":\"WebPage\",\"@id\":\"https:\\\/\\\/wearepropos.es\\\/fr\\\/project\\\/projet-de-recherche-conscience-spiritualite-et-religion\\\/\",\"url\":\"https:\\\/\\\/wearepropos.es\\\/fr\\\/project\\\/projet-de-recherche-conscience-spiritualite-et-religion\\\/\",\"name\":\"Projet de recherche \\\"Conscience, spiritualit\u00e9 et religion\\\". &#8211; Prop\u00f3s | Sostenibilidad, ESG, Branding y Comunicaci\u00f3n en Madrid, Barcelona y Ginebra\",\"isPartOf\":{\"@id\":\"https:\\\/\\\/wearepropos.es\\\/fr\\\/#website\"},\"datePublished\":\"2019-02-16T11:53:30+00:00\",\"dateModified\":\"2023-09-09T09:55:12+00:00\",\"description\":\"Communication num\u00e9rique et strat\u00e9gie de marque num\u00e9rique pour le projet de recherche et de diffusion scientifique de l'Acad\u00e9mie royale de jurisprudence et de l\u00e9gislation.\",\"breadcrumb\":{\"@id\":\"https:\\\/\\\/wearepropos.es\\\/fr\\\/project\\\/projet-de-recherche-conscience-spiritualite-et-religion\\\/#breadcrumb\"},\"inLanguage\":\"fr-FR\",\"potentialAction\":[{\"@type\":\"ReadAction\",\"target\":[\"https:\\\/\\\/wearepropos.es\\\/fr\\\/project\\\/projet-de-recherche-conscience-spiritualite-et-religion\\\/\"]}]},{\"@type\":\"BreadcrumbList\",\"@id\":\"https:\\\/\\\/wearepropos.es\\\/fr\\\/project\\\/projet-de-recherche-conscience-spiritualite-et-religion\\\/#breadcrumb\",\"itemListElement\":[{\"@type\":\"ListItem\",\"position\":1,\"name\":\"Portada\",\"item\":\"https:\\\/\\\/wearepropos.es\\\/fr\\\/\"},{\"@type\":\"ListItem\",\"position\":2,\"name\":\"Projets\",\"item\":\"https:\\\/\\\/wearepropos.es\\\/fr\\\/project\\\/\"},{\"@type\":\"ListItem\",\"position\":3,\"name\":\"Projet de recherche \u00abConscience, spiritualit\u00e9 et religion\u00bb.\"}]},{\"@type\":\"WebSite\",\"@id\":\"https:\\\/\\\/wearepropos.es\\\/fr\\\/#website\",\"url\":\"https:\\\/\\\/wearepropos.es\\\/fr\\\/\",\"name\":\"Prop\u00f3s | Sostenibilidad, ESG, Branding y Comunicaci\u00f3n en Madrid, Barcelona y Ginebra\",\"description\":\"Empresa y agencia consultora en Sostenibilidad, ESG, impacto social, informe no financiero, branding y dise\u00f1o en Madrid, Barcelona y Ginebra\",\"publisher\":{\"@id\":\"https:\\\/\\\/wearepropos.es\\\/fr\\\/#organization\"},\"potentialAction\":[{\"@type\":\"SearchAction\",\"target\":{\"@type\":\"EntryPoint\",\"urlTemplate\":\"https:\\\/\\\/wearepropos.es\\\/fr\\\/?s={search_term_string}\"},\"query-input\":{\"@type\":\"PropertyValueSpecification\",\"valueRequired\":true,\"valueName\":\"search_term_string\"}}],\"inLanguage\":\"fr-FR\"},{\"@type\":\"Organization\",\"@id\":\"https:\\\/\\\/wearepropos.es\\\/fr\\\/#organization\",\"name\":\"Prop\u00f3s\",\"url\":\"https:\\\/\\\/wearepropos.es\\\/fr\\\/\",\"logo\":{\"@type\":\"ImageObject\",\"inLanguage\":\"fr-FR\",\"@id\":\"https:\\\/\\\/wearepropos.es\\\/fr\\\/#\\\/schema\\\/logo\\\/image\\\/\",\"url\":\"http:\\\/\\\/wearepropos.es\\\/wp-content\\\/uploads\\\/2023\\\/04\\\/fondo-generalista.png\",\"contentUrl\":\"http:\\\/\\\/wearepropos.es\\\/wp-content\\\/uploads\\\/2023\\\/04\\\/fondo-generalista.png\",\"width\":1219,\"height\":649,\"caption\":\"Prop\u00f3s\"},\"image\":{\"@id\":\"https:\\\/\\\/wearepropos.es\\\/fr\\\/#\\\/schema\\\/logo\\\/image\\\/\"}}]}<\/script>\n<!-- \/ Yoast SEO plugin. -->","yoast_head_json":{"title":"Projet de recherche \"Conscience, spiritualit\u00e9 et religion\". &#8211; Prop\u00f3s | Sostenibilidad, ESG, Branding y Comunicaci\u00f3n en Madrid, Barcelona y Ginebra","description":"Communication num\u00e9rique et strat\u00e9gie de marque num\u00e9rique pour le projet de recherche et de diffusion scientifique de l'Acad\u00e9mie royale de jurisprudence et de l\u00e9gislation.","robots":{"index":"index","follow":"follow","max-snippet":"max-snippet:-1","max-image-preview":"max-image-preview:large","max-video-preview":"max-video-preview:-1"},"canonical":"https:\/\/wearepropos.es\/fr\/project\/projet-de-recherche-conscience-spiritualite-et-religion\/","og_locale":"fr_FR","og_type":"article","og_title":"Projet de recherche \"Conscience, spiritualit\u00e9 et religion\". &#8211; Prop\u00f3s | Sostenibilidad, ESG, Branding y Comunicaci\u00f3n en Madrid, Barcelona y Ginebra","og_description":"Communication num\u00e9rique et strat\u00e9gie de marque num\u00e9rique pour le projet de recherche et de diffusion scientifique de l'Acad\u00e9mie royale de jurisprudence et de l\u00e9gislation.","og_url":"https:\/\/wearepropos.es\/fr\/project\/projet-de-recherche-conscience-spiritualite-et-religion\/","og_site_name":"Prop\u00f3s | Sostenibilidad, ESG, Branding y Comunicaci\u00f3n en Madrid, Barcelona y Ginebra","article_modified_time":"2023-09-09T09:55:12+00:00","twitter_card":"summary_large_image","twitter_misc":{"Dur\u00e9e de lecture estim\u00e9e":"8 minutes"},"schema":{"@context":"https:\/\/schema.org","@graph":[{"@type":"WebPage","@id":"https:\/\/wearepropos.es\/fr\/project\/projet-de-recherche-conscience-spiritualite-et-religion\/","url":"https:\/\/wearepropos.es\/fr\/project\/projet-de-recherche-conscience-spiritualite-et-religion\/","name":"Projet de recherche \"Conscience, spiritualit\u00e9 et religion\". &#8211; Prop\u00f3s | Sostenibilidad, ESG, Branding y Comunicaci\u00f3n en Madrid, Barcelona y Ginebra","isPartOf":{"@id":"https:\/\/wearepropos.es\/fr\/#website"},"datePublished":"2019-02-16T11:53:30+00:00","dateModified":"2023-09-09T09:55:12+00:00","description":"Communication num\u00e9rique et strat\u00e9gie de marque num\u00e9rique pour le projet de recherche et de diffusion scientifique de l'Acad\u00e9mie royale de jurisprudence et de l\u00e9gislation.","breadcrumb":{"@id":"https:\/\/wearepropos.es\/fr\/project\/projet-de-recherche-conscience-spiritualite-et-religion\/#breadcrumb"},"inLanguage":"fr-FR","potentialAction":[{"@type":"ReadAction","target":["https:\/\/wearepropos.es\/fr\/project\/projet-de-recherche-conscience-spiritualite-et-religion\/"]}]},{"@type":"BreadcrumbList","@id":"https:\/\/wearepropos.es\/fr\/project\/projet-de-recherche-conscience-spiritualite-et-religion\/#breadcrumb","itemListElement":[{"@type":"ListItem","position":1,"name":"Portada","item":"https:\/\/wearepropos.es\/fr\/"},{"@type":"ListItem","position":2,"name":"Projets","item":"https:\/\/wearepropos.es\/fr\/project\/"},{"@type":"ListItem","position":3,"name":"Projet de recherche \u00abConscience, spiritualit\u00e9 et religion\u00bb."}]},{"@type":"WebSite","@id":"https:\/\/wearepropos.es\/fr\/#website","url":"https:\/\/wearepropos.es\/fr\/","name":"Prop\u00f3s | Sostenibilidad, ESG, Branding y Comunicaci\u00f3n en Madrid, Barcelona y Ginebra","description":"Empresa y agencia consultora en Sostenibilidad, ESG, impacto social, informe no financiero, branding y dise\u00f1o en Madrid, Barcelona y Ginebra","publisher":{"@id":"https:\/\/wearepropos.es\/fr\/#organization"},"potentialAction":[{"@type":"SearchAction","target":{"@type":"EntryPoint","urlTemplate":"https:\/\/wearepropos.es\/fr\/?s={search_term_string}"},"query-input":{"@type":"PropertyValueSpecification","valueRequired":true,"valueName":"search_term_string"}}],"inLanguage":"fr-FR"},{"@type":"Organization","@id":"https:\/\/wearepropos.es\/fr\/#organization","name":"Prop\u00f3s","url":"https:\/\/wearepropos.es\/fr\/","logo":{"@type":"ImageObject","inLanguage":"fr-FR","@id":"https:\/\/wearepropos.es\/fr\/#\/schema\/logo\/image\/","url":"http:\/\/wearepropos.es\/wp-content\/uploads\/2023\/04\/fondo-generalista.png","contentUrl":"http:\/\/wearepropos.es\/wp-content\/uploads\/2023\/04\/fondo-generalista.png","width":1219,"height":649,"caption":"Prop\u00f3s"},"image":{"@id":"https:\/\/wearepropos.es\/fr\/#\/schema\/logo\/image\/"}}]}},"_links":{"self":[{"href":"https:\/\/wearepropos.es\/fr\/wp-json\/wp\/v2\/project\/31915","targetHints":{"allow":["GET"]}}],"collection":[{"href":"https:\/\/wearepropos.es\/fr\/wp-json\/wp\/v2\/project"}],"about":[{"href":"https:\/\/wearepropos.es\/fr\/wp-json\/wp\/v2\/types\/project"}],"author":[{"embeddable":true,"href":"https:\/\/wearepropos.es\/fr\/wp-json\/wp\/v2\/users\/4"}],"version-history":[{"count":1,"href":"https:\/\/wearepropos.es\/fr\/wp-json\/wp\/v2\/project\/31915\/revisions"}],"predecessor-version":[{"id":37017,"href":"https:\/\/wearepropos.es\/fr\/wp-json\/wp\/v2\/project\/31915\/revisions\/37017"}],"wp:attachment":[{"href":"https:\/\/wearepropos.es\/fr\/wp-json\/wp\/v2\/media?parent=31915"}],"wp:term":[{"taxonomy":"project_category","embeddable":true,"href":"https:\/\/wearepropos.es\/fr\/wp-json\/wp\/v2\/project_category?post=31915"},{"taxonomy":"project_tag","embeddable":true,"href":"https:\/\/wearepropos.es\/fr\/wp-json\/wp\/v2\/project_tag?post=31915"}],"curies":[{"name":"wp","href":"https:\/\/api.w.org\/{rel}","templated":true}]}}